{"id":260,"date":"2019-03-18T18:51:01","date_gmt":"2019-03-18T17:51:01","guid":{"rendered":"http:\/\/www.sebastianusschule.de\/wp_seb\/?page_id=260"},"modified":"2019-05-09T17:37:20","modified_gmt":"2019-05-09T15:37:20","slug":"schulordnung","status":"publish","type":"page","link":"https:\/\/www.sebastianusschule.de\/wpkgss\/schulordnung\/","title":{"rendered":"Schulordnung"},"content":{"rendered":"\t\t<div data-elementor-type=\"wp-post\" data-elementor-id=\"260\" class=\"elementor elementor-260\">\n\t\t\t\t\t\t\t\t\t<section class=\"elementor-section elementor-top-section elementor-element elementor-element-ff88c3a elementor-section-boxed elementor-section-height-default elementor-section-height-default\" data-id=\"ff88c3a\" data-element_type=\"section\">\n\t\t\t\t\t\t<div class=\"elementor-container elementor-column-gap-default\">\n\t\t\t\t\t<div class=\"elementor-column elementor-col-100 elementor-top-column elementor-element elementor-element-8873809\" data-id=\"8873809\" data-element_type=\"column\">\n\t\t\t<div class=\"elementor-widget-wrap elementor-element-populated\">\n\t\t\t\t\t\t\t\t<div class=\"elementor-element elementor-element-b548cce elementor-widget elementor-widget-text-editor\" data-id=\"b548cce\" data-element_type=\"widget\" data-widget_type=\"text-editor.default\">\n\t\t\t\t<div class=\"elementor-widget-container\">\n\t\t\t\t\t\t\t<h1>Sebastianusschule W\u00fcrselen<\/h1>\n<p><\/p>\n<p><b>Unser Leitbild<\/b><\/p>\n<p><\/p>\n<p>&#8222;Ehrfurcht vor Gott, Achtung vor der W\u00fcrde des Menschen und Bereitschaft zum sozialen Handeln zu wecken, ist vornehmstes Ziel der Erziehung.&#8220; ( Artikel 7 der Landesverfassung )<\/p>\n<p><\/p>\n<p>Im Mittelpunkt aller Theorie und Praxis der Schule, aller Aktivit\u00e4ten und Konzepte, aller Richtlinien, Lehrpl\u00e4ne und Vorschriften all unseres \u00dcberlegens und Handelns steht:<\/p>\n<p><\/p>\n<p>Jedes Kind ist ein einmaliges Gesch\u00f6pf Gottes<\/p>\n<p><\/p>\n<p>Diese Einmaligkeit jedes Kindes fordert von allen seine Akzeptanz mit allen Begabungen und F\u00e4higkeiten, mit seinen Schw\u00e4chen und Grenzen.<\/p>\n<p><\/p>\n<p>Jedes Kind in seiner Einmaligkeit ist Teil der Gemeinschaft und mit daf\u00fcr verantwortlich, dass diese gelingt.<\/p>\n<p><\/p>\n<p>\u00b7&nbsp;&nbsp;&nbsp;&nbsp;&nbsp;&nbsp;&nbsp; Wir sind eine katholische Grundschule.<\/p>\n<p><\/p>\n<p>\u00b7&nbsp;&nbsp;&nbsp;&nbsp;&nbsp;&nbsp;&nbsp; Wir pflegen den christlichen Glauben.<\/p>\n<p><\/p>\n<p>\u00b7&nbsp;&nbsp;&nbsp;&nbsp;&nbsp;&nbsp;&nbsp; Wir gehen respekt- und r\u00fccksichtsvoll miteinander um.<\/p>\n<p><\/p>\n<p>\u00b7&nbsp;&nbsp;&nbsp;&nbsp;&nbsp;&nbsp;&nbsp; Wir lehnen jegliche Form von Gewalt ab.<\/p>\n<p><\/p>\n<p>\u00b7&nbsp;&nbsp;&nbsp;&nbsp;&nbsp;&nbsp;&nbsp; Wir pflegen einen h\u00f6flichen Umgang miteinander, begr\u00fc\u00dfen uns, bitten und danken.<\/p>\n<p><\/p>\n<p>\u00b7&nbsp;&nbsp;&nbsp;&nbsp;&nbsp;&nbsp;&nbsp; Wir trauen uns, eigene Ideen zu suchen, zu finden und ihnen zu folgen.<\/p>\n<p><\/p>\n<p>\u00b7&nbsp;&nbsp;&nbsp;&nbsp;&nbsp;&nbsp;&nbsp; Wir gehen Probleme mutig und gelassen an.<\/p>\n<p><\/p>\n<p>\u00b7&nbsp;&nbsp;&nbsp;&nbsp;&nbsp;&nbsp;&nbsp; Wir suchen ausdauernd nach L\u00f6sungen.<\/p>\n<p><\/p>\n<p>\u00b7&nbsp;&nbsp;&nbsp;&nbsp;&nbsp;&nbsp;&nbsp; Wir pflegen und achten unsere Lernumgebung.&nbsp;&nbsp;&nbsp;&nbsp;<\/p>\n<p><\/p>\n<h4><b>Allgemeine Schulbestimmungen<\/b><\/h4>\n<p><\/p>\n<p>\u00b7&nbsp;&nbsp;&nbsp;&nbsp;&nbsp;&nbsp;&nbsp; Der Unterricht beginnt um 7.55h. Bereits um 7.50h gehen wir in die Klassen.<\/p>\n<p><\/p>\n<p>\u00b7&nbsp;&nbsp;&nbsp;&nbsp;&nbsp;&nbsp;&nbsp;<b> Zeittafel<\/b><\/p>\n<p><\/p>\n<p>1. Stunde 7.55&nbsp;&nbsp; &#8211;&nbsp;&nbsp; &nbsp;8.40<br>2. Stunde 8.40&nbsp;&nbsp; &#8211;&nbsp;&nbsp; &nbsp;9.25<br>PAUSE<br>9.25&nbsp;&nbsp; &#8211;&nbsp;&nbsp; &nbsp;9.50<br>FR\u00dcHST\u00dcCKSPAUSE<br>&nbsp;9.50&nbsp;&nbsp; &#8211;&nbsp;&nbsp; 10.00<br>3. Stunde 10.00&nbsp;&nbsp; &#8211;&nbsp;&nbsp; 10.45<br>4. Stunde 10.45&nbsp;&nbsp; &#8211;&nbsp;&nbsp; 11.30<br>PAUSE<br>11.30&nbsp;&nbsp; &#8211;&nbsp;&nbsp; 11.45<br>5. Stunde 11.45&nbsp;&nbsp; &#8211;&nbsp;&nbsp; 12.30<br>6. Stunde 12.30&nbsp;&nbsp; &#8211;&nbsp;&nbsp; 13.15&nbsp;<\/p>\n<p><\/p>\n<p>\u00b7&nbsp;&nbsp;&nbsp;&nbsp;&nbsp;&nbsp;&nbsp; Das Sekretariat ist&nbsp; Montag, Mittwoch und Donnerstag von 8.00 Uhr bis 11.00 Uhr besetzt.<\/p>\n<p><\/p>\n<p>\u00b7&nbsp;&nbsp;&nbsp;&nbsp;&nbsp;&nbsp;&nbsp; Fehlende Kinder werden am ersten Fehltag von Mitsch\u00fclern m\u00fcndlich oder schriftlich entschuldigt oder bis 9.00 Uhr per Fax, E-Mail oder per Telefon entschuldigt.<\/p>\n<p><\/p>\n<p>\u00b7&nbsp;&nbsp;&nbsp;&nbsp;&nbsp;&nbsp;&nbsp; Bei mehr als drei Fehltagen wird ein \u00e4rztliches Attest vorgelegt.<\/p>\n<p><\/p>\n<p>\u00b7&nbsp;&nbsp;&nbsp;&nbsp;&nbsp;&nbsp;&nbsp; Die Sch\u00fcler und Sch\u00fclerinnen sind verpflichtet bei den Sch\u00fclerlotsen die Stra\u00dfe zu \u00fcberqueren und Fu\u00dfg\u00e4nger\u00fcberwege zu nutzen.<\/p>\n<p><\/p>\n<p>\u00b7&nbsp;&nbsp;&nbsp;&nbsp;&nbsp;&nbsp;&nbsp; Die Eltern fahren nicht in die Einfahrt des Schulgel\u00e4ndes, um ihre Kinder zu bringen oder abzuholen und parken dort auch nicht.<\/p>\n<p><\/p>\n<p>\u00b7&nbsp;&nbsp;&nbsp;&nbsp;&nbsp;&nbsp;&nbsp; Die Eltern, die ihre Kinder bringen, begleiten sie bis zum Schultor.<\/p>\n<p><\/p>\n<p>\u00b7&nbsp;&nbsp;&nbsp;&nbsp;&nbsp;&nbsp;&nbsp; Dort warten sie auch auf ihre Kinder, wenn sie sie abholen m\u00f6chten. Der Schulhof geh\u00f6rt den Kindern.<\/p>\n<p><\/p>\n<p>\u00b7&nbsp;&nbsp;&nbsp;&nbsp;&nbsp;&nbsp;&nbsp; W\u00e4hrend der Unterrichtszeit halten sich Eltern nicht mit Geschwisterkindern auf dem Schulhof und auch nicht im Schulgeb\u00e4ude auf.<\/p>\n<p><\/p>\n<p>\u00b7&nbsp;&nbsp;&nbsp;&nbsp;&nbsp;&nbsp;&nbsp; Hunde sind auf dem Schulhof nicht erw\u00fcnscht.<\/p>\n<p><\/p>\n<p>\u00b7&nbsp;&nbsp;&nbsp;&nbsp;&nbsp;&nbsp;&nbsp; Im Schulgeb\u00e4ude und auf dem Schulgel\u00e4nde besteht Rauchverbot.<\/p>\n<p><\/p>\n<p>\u00b7&nbsp;&nbsp;&nbsp;&nbsp;&nbsp;&nbsp;&nbsp; Der katholische Religionsunterricht ist verpflichtend f\u00fcr alle Sch\u00fcler und Sch\u00fclerinnen und wird benotet.<\/p>\n<p><\/p>\n<p>\u00b7&nbsp;&nbsp;&nbsp;&nbsp;&nbsp;&nbsp;&nbsp; Die 3. und 4. Klassen besuchen im Wechsel jeden Freitag einen Wortgottesdienst in der Kirche.<\/p>\n<p><\/p>\n<p>\u00b7&nbsp;&nbsp;&nbsp;&nbsp;&nbsp;&nbsp;&nbsp; Alle Sch\u00fcler besuchen vor Weihnachten, vor den Sommerferien, am Sebastianustag und bei besonderen Anl\u00e4ssen den gemeinsamen Wortgottesdienst in Sankt Sebastian.<\/p>\n<p><\/p>\n<p>\u00b7&nbsp;&nbsp;&nbsp;&nbsp;&nbsp;&nbsp;&nbsp; Die Sch\u00fcler tragen in den Klassenr\u00e4umen Hausschuhe.<\/p>\n<p><\/p>\n<p>\u00b7&nbsp;&nbsp;&nbsp;&nbsp;&nbsp;&nbsp;&nbsp; Die Sch\u00fcler und Lehrer achten auf die M\u00fclltrennung.<\/p>\n<p><\/p>\n<p>\u00b7&nbsp;&nbsp;&nbsp;&nbsp;&nbsp;&nbsp;&nbsp; Die Sch\u00fcler und Lehrer achten auf Ordnung in den Fluren und Klassenr\u00e4umen.<\/p>\n<p><\/p>\n<p>\u00b7&nbsp;&nbsp;&nbsp;&nbsp;&nbsp;&nbsp;&nbsp; Die Sch\u00fcler bringen ein &#8222;gesundes&#8220; Fr\u00fchst\u00fcck mit.<\/p>\n<p><\/p>\n<p>\u00b7&nbsp;&nbsp;&nbsp;&nbsp;&nbsp;&nbsp;&nbsp; Die Sch\u00fcler k\u00f6nnen Milch oder Milchgetr\u00e4nke in der Schule bestellen.<\/p>\n<p><\/p>\n<p>Die Schule bietet die Teilnahme an der Offenen Ganztagsschule an.<\/p>\n<p><\/p>\n<p>Die Schule bietet \u00fcber den F\u00f6rderverein eine Betreuung bis 14.00 Uhr an.<\/p>\n<p><\/p>\n<p>Der Abholmodus der Kinder von der Betreuung und von der OGS wird von diesen Einrichtungen festgelegt.<\/p>\n<p><\/p>\n<p><b>Als Sch\u00fcler und Sch\u00fclerin der Sebastianusschule<\/b><\/p>\n<p><\/p>\n<p>\u00b7&nbsp;&nbsp;&nbsp;&nbsp;&nbsp;&nbsp;&nbsp; gehe ich freundlich und h\u00f6flich, respekt- und r\u00fccksichtsvoll mit meinen Mitsch\u00fclern und Mitsch\u00fclerinnen und mit Erwachsenen um.<\/p>\n<p><\/p>\n<p>\u00b7&nbsp;&nbsp;&nbsp;&nbsp;&nbsp;&nbsp;&nbsp; spreche ich in einem freundlichen Umgangston mit Mitsch\u00fclern und Erwachsenen.<\/p>\n<p><\/p>\n<p>\u00b7&nbsp;&nbsp;&nbsp;&nbsp;&nbsp;&nbsp;&nbsp; befolge ich die Anweisungen aller Lehrerinnen und Lehrer,<\/p>\n<p><\/p>\n<p>\u00b7&nbsp;&nbsp;&nbsp;&nbsp;&nbsp;&nbsp;&nbsp; verhalte ich mich im Unterricht ruhig, beteilige mich und arbeite konzentriert.<\/p>\n<p><\/p>\n<p>\u00b7&nbsp;&nbsp;&nbsp;&nbsp;&nbsp;&nbsp;&nbsp; h\u00f6re ich anderen zu und lasse sie ausreden.<\/p>\n<p><\/p>\n<p>\u00b7&nbsp;&nbsp;&nbsp;&nbsp;&nbsp;&nbsp;&nbsp; halte ich die Melderegel ein.<\/p>\n<p><\/p>\n<p>\u00b7&nbsp;&nbsp;&nbsp;&nbsp;&nbsp;&nbsp;&nbsp; gehe ich im Klassenraum ruhig und langsam.<\/p>\n<p><\/p>\n<p>\u00b7&nbsp;&nbsp;&nbsp;&nbsp;&nbsp;&nbsp;&nbsp; biete ich anderen Hilfe an.<\/p>\n<p><\/p>\n<p>\u00b7&nbsp;&nbsp;&nbsp;&nbsp;&nbsp;&nbsp;&nbsp; nehme ich Hilfe von anderen an.<\/p>\n<p><\/p>\n<p>\u00b7&nbsp;&nbsp;&nbsp;&nbsp;&nbsp;&nbsp;&nbsp; leiste ich mit jedem Partner oder in der Gruppe gute Arbeit.<\/p>\n<p><\/p>\n<p>\u00b7&nbsp;&nbsp;&nbsp;&nbsp;&nbsp;&nbsp;&nbsp; fl\u00fcstere ich bei der Partner- und Gruppenarbeit.<\/p>\n<p><\/p>\n<p>\u00b7&nbsp;&nbsp;&nbsp;&nbsp;&nbsp;&nbsp;&nbsp; bitte ich um Hilfe oder Unterst\u00fctzung, wenn ich etwas nicht kann oder wei\u00df.<\/p>\n<p><\/p>\n<p>\u00b7&nbsp;&nbsp;&nbsp;&nbsp;&nbsp;&nbsp;&nbsp; habe ich immer alle meine Schulsachen dabei.<\/p>\n<p><\/p>\n<p>\u00b7&nbsp;&nbsp;&nbsp;&nbsp;&nbsp;&nbsp;&nbsp; gehe ich sorgsam mit den Unterrichtsmaterialien, B\u00fcchern und M\u00f6beln um.<\/p>\n<p><\/p>\n<p>\u00b7&nbsp;&nbsp;&nbsp;&nbsp;&nbsp;&nbsp;&nbsp; achte ich das Eigentum anderer und frage, ob ich etwas benutzen oder ausleihen darf.<\/p>\n<p><\/p>\n<p>\u00b7&nbsp;&nbsp;&nbsp;&nbsp;&nbsp;&nbsp;&nbsp; komme ich p\u00fcnktlich zur Schule.<\/p>\n<p><\/p>\n<p>\u00b7&nbsp;&nbsp;&nbsp;&nbsp;&nbsp;&nbsp;&nbsp; mache ich meine Hausaufgaben sorgf\u00e4ltig und vollst\u00e4ndig.<\/p>\n<p><\/p>\n<p>\u00b7&nbsp;&nbsp;&nbsp;&nbsp;&nbsp;&nbsp;&nbsp; r\u00e4ume ich meinen Arbeitsplatz auf und sorge f\u00fcr Ordnung im Klassenraum, im Flur und auf dem Schulhof.<\/p>\n<p><\/p>\n<p>\u00b7&nbsp;&nbsp;&nbsp;&nbsp;&nbsp;&nbsp;&nbsp; werfe ich Abf\u00e4lle in die vorgesehenen Beh\u00e4lter.<\/p>\n<p><\/p>\n<p>\u00b7&nbsp;&nbsp;&nbsp;&nbsp;&nbsp;&nbsp;&nbsp; lasse ich andere Kinder mitspielen.<\/p>\n<p><\/p>\n<p>\u00b7&nbsp;&nbsp;&nbsp;&nbsp;&nbsp;&nbsp;&nbsp; vertrage ich mich mit meinen Mitsch\u00fclern.<\/p>\n<p><\/p>\n<p>\u00b7&nbsp;&nbsp;&nbsp;&nbsp;&nbsp;&nbsp;&nbsp; verhalte ich mich fair und halte mich an Spielregeln.<\/p>\n<p><\/p>\n<p>\u00b7&nbsp;&nbsp;&nbsp;&nbsp;&nbsp;&nbsp;&nbsp; verletze ich niemanden durch Worte und Taten.<\/p>\n<p><\/p>\n<p>\u00b7&nbsp;&nbsp;&nbsp;&nbsp;&nbsp;&nbsp;&nbsp; rede ich bei Streitigkeiten mit dem oder den anderen.<\/p>\n<p><\/p>\n<p>\u00b7&nbsp;&nbsp;&nbsp;&nbsp;&nbsp;&nbsp;&nbsp; akzeptiere ich die Regel: bei &#8222;Stopp&#8220; ist Schluss.<\/p>\n<p><\/p>\n<p>\u00b7&nbsp;&nbsp;&nbsp;&nbsp;&nbsp;&nbsp;&nbsp; sage ich die Wahrheit.<\/p>\n<p><\/p>\n<p>\u00b7&nbsp;&nbsp;&nbsp;&nbsp;&nbsp;&nbsp;&nbsp; suche ich die Trainingsstunde auf, wenn der Unterricht durch grobe St\u00f6rungen von mir unterbrochen werden muss, oder wenn mein Verhalten anderen gegen\u00fcber Anlass zu Streitigkeiten und Konflikten gibt.<\/p>\n<p><\/p>\n<p>\u00b7&nbsp;&nbsp;&nbsp;&nbsp;&nbsp;&nbsp;&nbsp; sch\u00fctze und pflege ich B\u00e4ume und Str\u00e4ucher.<\/p>\n<p><\/p>\n<p>\u00b7&nbsp;&nbsp;&nbsp;&nbsp;&nbsp;&nbsp;&nbsp; benutze ich die Spielger\u00e4te auf dem Schulhof sachgerecht, ohne mich selbst oder andere zu&nbsp;&nbsp;&nbsp; gef\u00e4hrden.<\/p>\n<p><\/p>\n<p>\u00b7&nbsp;&nbsp;&nbsp;&nbsp;&nbsp;&nbsp;&nbsp; bringe ich bewegliche Spielger\u00e4te nach dem Spielen wieder an ihren Platz zur\u00fcck.<\/p>\n<p><\/p>\n<p>\u00b7&nbsp;&nbsp;&nbsp;&nbsp;&nbsp;&nbsp;&nbsp; gehe ich im Schulgeb\u00e4ude leise und r\u00fccksichtsvoll.<\/p>\n<p><\/p>\n<p>\u00b7&nbsp;&nbsp;&nbsp;&nbsp;&nbsp;&nbsp;&nbsp; verlasse ich die Toiletten sauber.<\/p>\n<p><\/p>\n<p>\u00b7&nbsp;&nbsp;&nbsp;&nbsp;&nbsp;&nbsp;&nbsp; verlasse ich das Schulgeb\u00e4ude w\u00e4hrend der Unterrichtszeit und in den Pausen nur mit besonderer Erlaubnis.<\/p>\n<p><\/p>\n<p><b>Wir Eltern verpflichten uns<\/b><\/p>\n<p><\/p>\n<p>\u00b7&nbsp;&nbsp;&nbsp;&nbsp;&nbsp;&nbsp;&nbsp; unserem Kind helfend und unterst\u00fctzend zur Seite zu stehen.<\/p>\n<p><\/p>\n<p>\u00b7&nbsp;&nbsp;&nbsp;&nbsp;&nbsp;&nbsp;&nbsp; unserem Kind aufmerksam zu zu h\u00f6ren und Lobenswertes zu loben.<\/p>\n<p><\/p>\n<p>\u00b7&nbsp;&nbsp;&nbsp;&nbsp;&nbsp;&nbsp;&nbsp; unserem Kind zu vermitteln, dass alle Sch\u00fcler gleichwertig sind.<\/p>\n<p><\/p>\n<p>\u00b7&nbsp;&nbsp;&nbsp;&nbsp;&nbsp;&nbsp;&nbsp; unserem Kind den hohen Stellenwert der Bildung zu vermitteln.<\/p>\n<p><\/p>\n<p>\u00b7&nbsp;&nbsp;&nbsp;&nbsp;&nbsp;&nbsp;&nbsp; unser Kind mit dem notwendigen Material auszustatten.<\/p>\n<p><\/p>\n<p>\u00b7&nbsp;&nbsp;&nbsp;&nbsp;&nbsp;&nbsp;&nbsp; t\u00e4glich Einblick in die Arbeit unseres Kindes, in das Hausaufgabenheft und in die Postmappe zu nehmen<\/p>\n<p><\/p>\n<p>\u00b7&nbsp;&nbsp;&nbsp;&nbsp;&nbsp;&nbsp;&nbsp; die Elternbriefe zu lesen<\/p>\n<p><\/p>\n<p>\u00b7&nbsp;&nbsp;&nbsp;&nbsp;&nbsp;&nbsp;&nbsp; unser Kind angemessen zu kleiden ( Milit\u00e4rkleidung ist nicht erw\u00fcnscht, ebenso bauchfreie Oberteile, zu kurze und knappe R\u00f6cke oder Hosen )<\/p>\n<p><\/p>\n<p><b>Wir Eltern wollen<\/b><\/p>\n<p><\/p>\n<p>\u00b7&nbsp;&nbsp;&nbsp;&nbsp;&nbsp;&nbsp;&nbsp; unserem Kind ein positives Vorbild sein<\/p>\n<p><\/p>\n<p>\u00b7&nbsp;&nbsp;&nbsp;&nbsp;&nbsp;&nbsp;&nbsp; das Gespr\u00e4ch mit den Lehrkr\u00e4ften suchen<\/p>\n<p><\/p>\n<p>\u00b7&nbsp;&nbsp;&nbsp;&nbsp;&nbsp;&nbsp;&nbsp; unseren Erziehungsauftrag erf\u00fcllen.<\/p>\n<p><\/p>\n<p>\u00b7&nbsp;&nbsp;&nbsp;&nbsp;&nbsp;&nbsp;&nbsp; zu einer guten Lernatmosph\u00e4re beitragen<\/p>\n<p><\/p>\n<p>\u00b7&nbsp;&nbsp;&nbsp;&nbsp;&nbsp;&nbsp;&nbsp; uns am Schulleben aktiv beteiligen.<\/p>\n<p><\/p>\n<p><b>Als Lehrerin und Lehrer der Sebastianusschule verpflichte ich mich<\/b><\/p>\n<p><\/p>\n<p>\u00b7&nbsp;&nbsp;&nbsp;&nbsp;&nbsp;&nbsp;&nbsp; unseren Sch\u00fclern und Sch\u00fclerinnen Vorbild zu sein<\/p>\n<p><\/p>\n<p>\u00b7&nbsp;&nbsp;&nbsp;&nbsp;&nbsp;&nbsp;&nbsp; unsere Sch\u00fcler und Sch\u00fclerinnen im Rahmen unseres Bildungsauftrages zu unterrichten, zu fordern und zu f\u00f6rdern und zu unterst\u00fctzen.<\/p>\n<p><\/p>\n<p>\u00b7&nbsp;&nbsp;&nbsp;&nbsp;&nbsp;&nbsp;&nbsp; unsere Sch\u00fcler und Sch\u00fclerinnen gleichwertig und gerecht zu behandeln.<\/p>\n<p><\/p>\n<p>\u00b7&nbsp;&nbsp;&nbsp;&nbsp;&nbsp;&nbsp;&nbsp; unsere Sch\u00fcler und Sch\u00fclerinnen zu gemeinschaftsf\u00e4higen Menschen zu erziehen.<\/p>\n<p><\/p>\n<p>\u00b7&nbsp;&nbsp;&nbsp;&nbsp;&nbsp;&nbsp;&nbsp; unseren Sch\u00fclern und Sch\u00fclerinnen christliche Werte und einen<\/p>\n<p><\/p>\n<p>\u00b7&nbsp;&nbsp;&nbsp;&nbsp;&nbsp;&nbsp;&nbsp; verantwortungsvollen Umgang mit Menschen, mit der Umwelt und mit Sachen zu vermitteln.<\/p>\n<p><\/p>\n<p>\u00b7&nbsp;&nbsp;&nbsp;&nbsp;&nbsp;&nbsp;&nbsp; Probleme und Konflikte unserer Sch\u00fcler und Sch\u00fclerinnen ernst zu nehmen, zu helfen und zu l\u00f6sen.<\/p>\n<p><\/p>\n<p>\u00b7&nbsp;&nbsp;&nbsp;&nbsp;&nbsp;&nbsp;&nbsp; mich mit den Kolleginnen auszutauschen und zusammen zuarbeiten.<\/p>\n<p><\/p>\n<p>\u00b7&nbsp;&nbsp;&nbsp;&nbsp;&nbsp;&nbsp;&nbsp; das Gespr\u00e4ch und die Zusammenarbeit mit den Eltern zu suchen<\/p>\t\t\t\t\t\t<\/div>\n\t\t\t\t<\/div>\n\t\t\t\t\t<\/div>\n\t\t<\/div>\n\t\t\t\t\t\t\t<\/div>\n\t\t<\/section>\n\t\t\t\t\t\t\t<\/div>\n\t\t","protected":false},"excerpt":{"rendered":"<p>Sebastianusschule W\u00fcrselen Unser Leitbild &#8222;Ehrfurcht vor Gott, Achtung vor der W\u00fcrde des Menschen und Bereitschaft zum sozialen Handeln zu wecken, ist vornehmstes Ziel der Erziehung.&#8220; ( Artikel 7 der Landesverfassung ) Im Mittelpunkt aller Theorie und Praxis der Schule, aller Aktivit\u00e4ten und Konzepte, aller Richtlinien, Lehrpl\u00e4ne und Vorschriften all unseres \u00dcberlegens und Handelns steht: Jedes [&hellip;]<\/p>\n","protected":false},"author":7,"featured_media":0,"parent":0,"menu_order":0,"comment_status":"closed","ping_status":"closed","template":"","meta":{"footnotes":""},"_links":{"self":[{"href":"https:\/\/www.sebastianusschule.de\/wpkgss\/wp-json\/wp\/v2\/pages\/260"}],"collection":[{"href":"https:\/\/www.sebastianusschule.de\/wpkgss\/wp-json\/wp\/v2\/pages"}],"about":[{"href":"https:\/\/www.sebastianusschule.de\/wpkgss\/wp-json\/wp\/v2\/types\/page"}],"author":[{"embeddable":true,"href":"https:\/\/www.sebastianusschule.de\/wpkgss\/wp-json\/wp\/v2\/users\/7"}],"replies":[{"embeddable":true,"href":"https:\/\/www.sebastianusschule.de\/wpkgss\/wp-json\/wp\/v2\/comments?post=260"}],"version-history":[{"count":5,"href":"https:\/\/www.sebastianusschule.de\/wpkgss\/wp-json\/wp\/v2\/pages\/260\/revisions"}],"predecessor-version":[{"id":653,"href":"https:\/\/www.sebastianusschule.de\/wpkgss\/wp-json\/wp\/v2\/pages\/260\/revisions\/653"}],"wp:attachment":[{"href":"https:\/\/www.sebastianusschule.de\/wpkgss\/wp-json\/wp\/v2\/media?parent=260"}],"curies":[{"name":"wp","href":"https:\/\/api.w.org\/{rel}","templated":true}]}}