{"id":219,"date":"2019-02-26T20:44:13","date_gmt":"2019-02-26T19:44:13","guid":{"rendered":"http:\/\/www.sebastianusschule.de\/wp_seb\/?page_id=219"},"modified":"2026-01-24T16:02:58","modified_gmt":"2026-01-24T15:02:58","slug":"ogs","status":"publish","type":"page","link":"http:\/\/www.sebastianusschule.de\/wpkgss\/ogs\/","title":{"rendered":"OGS"},"content":{"rendered":"\t\t<div data-elementor-type=\"wp-post\" data-elementor-id=\"219\" class=\"elementor elementor-219\">\n\t\t\t\t\t\t\t\t\t<section class=\"elementor-section elementor-top-section elementor-element elementor-element-6de4034 elementor-section-boxed elementor-section-height-default elementor-section-height-default\" data-id=\"6de4034\" data-element_type=\"section\">\n\t\t\t\t\t\t<div class=\"elementor-container elementor-column-gap-default\">\n\t\t\t\t\t<div class=\"elementor-column elementor-col-100 elementor-top-column elementor-element elementor-element-dc56e36\" data-id=\"dc56e36\" data-element_type=\"column\">\n\t\t\t<div class=\"elementor-widget-wrap elementor-element-populated\">\n\t\t\t\t\t\t\t\t<div class=\"elementor-element elementor-element-94b1c93 elementor-widget elementor-widget-heading\" data-id=\"94b1c93\" data-element_type=\"widget\" data-widget_type=\"heading.default\">\n\t\t\t\t<div class=\"elementor-widget-container\">\n\t\t\t<h2 class=\"elementor-heading-title elementor-size-default\">Willkommen in unserer OGS<\/h2>\t\t<\/div>\n\t\t\t\t<\/div>\n\t\t\t\t\t<\/div>\n\t\t<\/div>\n\t\t\t\t\t\t\t<\/div>\n\t\t<\/section>\n\t\t\t\t<section class=\"elementor-section elementor-top-section elementor-element elementor-element-f5b5bbf elementor-section-boxed elementor-section-height-default elementor-section-height-default\" data-id=\"f5b5bbf\" data-element_type=\"section\">\n\t\t\t\t\t\t<div class=\"elementor-container elementor-column-gap-default\">\n\t\t\t\t\t<div class=\"elementor-column elementor-col-100 elementor-top-column elementor-element elementor-element-3be16da\" data-id=\"3be16da\" data-element_type=\"column\">\n\t\t\t<div class=\"elementor-widget-wrap elementor-element-populated\">\n\t\t\t\t\t\t\t\t<div class=\"elementor-element elementor-element-edf499c elementor-widget elementor-widget-heading\" data-id=\"edf499c\" data-element_type=\"widget\" data-widget_type=\"heading.default\">\n\t\t\t\t<div class=\"elementor-widget-container\">\n\t\t\t<h2 class=\"elementor-heading-title elementor-size-default\">Anmeldeunterlagen (Anmeldeformular \/ Arbeitgeberbescheinigung) <\/h2>\t\t<\/div>\n\t\t\t\t<\/div>\n\t\t\t\t\t<\/div>\n\t\t<\/div>\n\t\t\t\t\t\t\t<\/div>\n\t\t<\/section>\n\t\t\t\t<section class=\"elementor-section elementor-top-section elementor-element elementor-element-e348978 elementor-section-boxed elementor-section-height-default elementor-section-height-default\" data-id=\"e348978\" data-element_type=\"section\">\n\t\t\t\t\t\t<div class=\"elementor-container elementor-column-gap-default\">\n\t\t\t\t\t<div class=\"elementor-column elementor-col-100 elementor-top-column elementor-element elementor-element-0a36ff2\" data-id=\"0a36ff2\" data-element_type=\"column\">\n\t\t\t<div class=\"elementor-widget-wrap elementor-element-populated\">\n\t\t\t\t\t\t\t\t<div class=\"elementor-element elementor-element-af72507 elementor-widget elementor-widget-text-editor\" data-id=\"af72507\" data-element_type=\"widget\" data-widget_type=\"text-editor.default\">\n\t\t\t\t<div class=\"elementor-widget-container\">\n\t\t\t\t\t\t\t<p>Liebe Eltern,\u00a0<\/p><p>wenn Sie sich f\u00fcr die Anmeldung in die OGS entscheiden, f\u00fcllen Sie bitte die beiden Formulare aus und reichen diese fr\u00fchzeitig &#8211; sp\u00e4testens bis zum 31.1.2026 &#8211; ein. Danach werden die Pl\u00e4tze vergeben.<\/p><p><a href=\"http:\/\/www.sebastianusschule.de\/wpkgss\/wp-content\/uploads\/2025\/11\/OGS-Anmeldung.pdf\">OGS Anmeldung<\/a><\/p><p><a href=\"http:\/\/www.sebastianusschule.de\/wpkgss\/wp-content\/uploads\/2025\/10\/Arbeitgeberbescheinigung-zur-Vorlage-in-der-OGS.docx\">Arbeitgeberbescheinigung<\/a><\/p>\t\t\t\t\t\t<\/div>\n\t\t\t\t<\/div>\n\t\t\t\t\t<\/div>\n\t\t<\/div>\n\t\t\t\t\t\t\t<\/div>\n\t\t<\/section>\n\t\t\t\t<section class=\"elementor-section elementor-top-section elementor-element elementor-element-b3004af elementor-section-boxed elementor-section-height-default elementor-section-height-default\" data-id=\"b3004af\" data-element_type=\"section\">\n\t\t\t\t\t\t<div class=\"elementor-container elementor-column-gap-default\">\n\t\t\t\t\t<div class=\"elementor-column elementor-col-100 elementor-top-column elementor-element elementor-element-aeddbcc\" data-id=\"aeddbcc\" data-element_type=\"column\">\n\t\t\t<div class=\"elementor-widget-wrap elementor-element-populated\">\n\t\t\t\t\t\t\t\t<div class=\"elementor-element elementor-element-8f15364 elementor-widget elementor-widget-text-editor\" data-id=\"8f15364\" data-element_type=\"widget\" data-widget_type=\"text-editor.default\">\n\t\t\t\t<div class=\"elementor-widget-container\">\n\t\t\t\t\t\t\t<p class=\"p1\">Wir starten ins Schuljahr 2025\/26 mit neuen R\u00e4umlichkeiten und 175 Kindern, die den Nachmittag mit uns verbringen. Hier erfahren Sie kurz und knapp, wie unser Alltag aussieht und was Ihr Kind erwartet.<\/p>\t\t\t\t\t\t<\/div>\n\t\t\t\t<\/div>\n\t\t\t\t\t<\/div>\n\t\t<\/div>\n\t\t\t\t\t\t\t<\/div>\n\t\t<\/section>\n\t\t\t\t<section class=\"elementor-section elementor-top-section elementor-element elementor-element-2ecc182 elementor-section-boxed elementor-section-height-default elementor-section-height-default\" data-id=\"2ecc182\" data-element_type=\"section\">\n\t\t\t\t\t\t<div class=\"elementor-container elementor-column-gap-default\">\n\t\t\t\t\t<div class=\"elementor-column elementor-col-100 elementor-top-column elementor-element elementor-element-019e4c9\" data-id=\"019e4c9\" data-element_type=\"column\">\n\t\t\t<div class=\"elementor-widget-wrap elementor-element-populated\">\n\t\t\t\t\t\t\t\t<div class=\"elementor-element elementor-element-f55a7e9 elementor-widget elementor-widget-heading\" data-id=\"f55a7e9\" data-element_type=\"widget\" data-widget_type=\"heading.default\">\n\t\t\t\t<div class=\"elementor-widget-container\">\n\t\t\t<h2 class=\"elementor-heading-title elementor-size-default\">Ein typischer Nachmittag<\/h2>\t\t<\/div>\n\t\t\t\t<\/div>\n\t\t\t\t\t<\/div>\n\t\t<\/div>\n\t\t\t\t\t\t\t<\/div>\n\t\t<\/section>\n\t\t\t\t<section class=\"elementor-section elementor-top-section elementor-element elementor-element-4c586bc elementor-section-boxed elementor-section-height-default elementor-section-height-default\" data-id=\"4c586bc\" data-element_type=\"section\">\n\t\t\t\t\t\t<div class=\"elementor-container elementor-column-gap-default\">\n\t\t\t\t\t<div class=\"elementor-column elementor-col-100 elementor-top-column elementor-element elementor-element-a928118\" data-id=\"a928118\" data-element_type=\"column\">\n\t\t\t<div class=\"elementor-widget-wrap elementor-element-populated\">\n\t\t\t\t\t\t\t\t<div class=\"elementor-element elementor-element-9613402 elementor-widget elementor-widget-text-editor\" data-id=\"9613402\" data-element_type=\"widget\" data-widget_type=\"text-editor.default\">\n\t\t\t\t<div class=\"elementor-widget-container\">\n\t\t\t\t\t\t\t<p><!-- Stundenplan \/ Tagesablauf --><\/p><p><style>\n  .ogs-schedule {<br \/>    width: 100%;<br \/>    border-collapse: collapse;<br \/>    margin: 1rem 0;<br \/>  }<br \/>  .ogs-schedule th,<br \/>  .ogs-schedule td {<br \/>    border: 1px solid #e0e0e0;<br \/>    padding: 0.6rem 0.8rem;<br \/>    text-align: left;<br \/>  }<br \/>  .ogs-schedule th {<br \/>    background: #f7f7f7;<br \/>    font-weight: 600;<br \/>  }<\/p>\n<p>  \/* Mobile-Darstellung: Header ausblenden, Data Labels anzeigen *\/<br \/>  @media (max-width: 600px) {<br \/>    .ogs-schedule thead {<br \/>      display: none;<br \/>    }<br \/>    .ogs-schedule,<br \/>    .ogs-schedule tbody,<br \/>    .ogs-schedule tr,<br \/>    .ogs-schedule td {<br \/>      display: block;<br \/>      width: 100%;<br \/>    }<br \/>    .ogs-schedule tr {<br \/>      margin-bottom: 1rem;<br \/>    }<br \/>    .ogs-schedule td {<br \/>      border: none;<br \/>      border-bottom: 1px solid #e0e0e0;<br \/>      position: relative;<br \/>      padding-left: 50%;<br \/>    }<br \/>    .ogs-schedule td::before {<br \/>      content: attr(data-label);<br \/>      position: absolute;<br \/>      left: 0;<br \/>      width: 45%;<br \/>      padding-left: 0.8rem;<br \/>      font-weight: 600;<br \/>      white-space: nowrap;<br \/>    }<br \/>  }<br \/><\/style><\/p><table class=\"ogs-schedule\"><thead><tr><th>Uhrzeit<\/th><th>Programm<\/th><\/tr><\/thead><tbody><tr><td data-label=\"Uhrzeit\">12:30 \u2013 13:15<\/td><td data-label=\"Programm\">Warmes Mittagessen (Stufe\u00a01\u00a0&amp;\u00a02) im Forum<\/td><\/tr><tr><td data-label=\"Uhrzeit\">13:15 \u2013 14:00<\/td><td data-label=\"Programm\">Warmes Mittagessen (Stufe\u00a03\u00a0&amp;\u00a04) in der Mensa<\/td><\/tr><tr><td data-label=\"Uhrzeit\">14:00 \u2013 14:45<\/td><td data-label=\"Programm\">Sport-, Kreativ- &amp; Entdecker-Angebote drinnen und drau\u00dfen<\/td><\/tr><tr><td data-label=\"Uhrzeit\">14:45 \u2013 15:00<\/td><td data-label=\"Programm\">R\u00fcckkehr in die Basisgruppen, Tages-Wrap-up<\/td><\/tr><tr><td data-label=\"Uhrzeit\">15:00 \/ 16:00<\/td><td data-label=\"Programm\">Verl\u00e4ssliche Abholfenster (feste Abholzeiten)<\/td><\/tr><\/tbody><\/table>\t\t\t\t\t\t<\/div>\n\t\t\t\t<\/div>\n\t\t\t\t\t<\/div>\n\t\t<\/div>\n\t\t\t\t\t\t\t<\/div>\n\t\t<\/section>\n\t\t\t\t<section class=\"elementor-section elementor-top-section elementor-element elementor-element-0d98d9d elementor-section-boxed elementor-section-height-default elementor-section-height-default\" data-id=\"0d98d9d\" data-element_type=\"section\">\n\t\t\t\t\t\t<div class=\"elementor-container elementor-column-gap-default\">\n\t\t\t\t\t<div class=\"elementor-column elementor-col-100 elementor-top-column elementor-element elementor-element-02c8fcb\" data-id=\"02c8fcb\" data-element_type=\"column\">\n\t\t\t<div class=\"elementor-widget-wrap elementor-element-populated\">\n\t\t\t\t\t\t\t\t<div class=\"elementor-element elementor-element-4c32695 elementor-widget elementor-widget-heading\" data-id=\"4c32695\" data-element_type=\"widget\" data-widget_type=\"heading.default\">\n\t\t\t\t<div class=\"elementor-widget-container\">\n\t\t\t<h2 class=\"elementor-heading-title elementor-size-default\">Warum unsere OGS?<\/h2>\t\t<\/div>\n\t\t\t\t<\/div>\n\t\t\t\t\t<\/div>\n\t\t<\/div>\n\t\t\t\t\t\t\t<\/div>\n\t\t<\/section>\n\t\t\t\t<section class=\"elementor-section elementor-top-section elementor-element elementor-element-fa353cb elementor-section-boxed elementor-section-height-default elementor-section-height-default\" data-id=\"fa353cb\" data-element_type=\"section\">\n\t\t\t\t\t\t<div class=\"elementor-container elementor-column-gap-default\">\n\t\t\t\t\t<div class=\"elementor-column elementor-col-100 elementor-top-column elementor-element elementor-element-a93a400\" data-id=\"a93a400\" data-element_type=\"column\">\n\t\t\t<div class=\"elementor-widget-wrap elementor-element-populated\">\n\t\t\t\t\t\t\t\t<div class=\"elementor-element elementor-element-8518c24 elementor-widget elementor-widget-text-editor\" data-id=\"8518c24\" data-element_type=\"widget\" data-widget_type=\"text-editor.default\">\n\t\t\t\t<div class=\"elementor-widget-container\">\n\t\t\t\t\t\t\t\n<div style=\"display:flex;gap:2rem;flex-wrap:wrap;margin-bottom:1.5rem;\">\n  \n  <!-- Spalte 1 -->\n  <div style=\"flex:1 1 280px;\">\n    <h3>F\u00fcr Ihr Kind<\/h3>\n    <ul>\n      <li>Multifunktionale R\u00e4ume: vormittags Unterricht, nachmittags Abenteuer<\/li>\n      <li>T\u00e4gliches warmes Mittagessen, altersgerecht &amp; ausgewogen<\/li>\n      <li>Lernzeit mit Lehrkr\u00e4ften &amp; Erzieher:innen (Mo\u2013Do)<\/li>\n      <li>Sport-, Kreativ- und Entdecker-AGs drinnen und drau\u00dfen<\/li>\n      <li>Feste Basisgruppen geben Sicherheit und Gemeinschaft<\/li>\n    <\/ul>\n  <\/div>\n\n  <!-- Spalte 2 -->\n  <div style=\"flex:1 1 280px;\">\n    <h3>F\u00fcr Sie als Eltern<\/h3>\n    <ul>\n      <li>Zuverl\u00e4ssige Betreuung bis 15&nbsp;Uhr oder 16&nbsp;Uhr (feste Abholfenster)<\/li>\n      <li>Einfache Online-Verwaltung von Essen via <em>kitafino<\/em><\/li>\n      <li>Ferienbetreuung 8\u201315&nbsp;Uhr inkl. Ausfl\u00fcgen<\/li>\n      <li>Kurze Wege: alles auf dem bekannten Schulgel\u00e4nde<\/li>\n      <li>Transparenter Austausch mit der Gruppenleitung \u00fcber SDUI<\/li>\n    <\/ul>\n  <\/div>\n\n<\/div>\t\t\t\t\t\t<\/div>\n\t\t\t\t<\/div>\n\t\t\t\t\t<\/div>\n\t\t<\/div>\n\t\t\t\t\t\t\t<\/div>\n\t\t<\/section>\n\t\t\t\t<section class=\"elementor-section elementor-top-section elementor-element elementor-element-34335e1 elementor-section-boxed elementor-section-height-default elementor-section-height-default\" data-id=\"34335e1\" data-element_type=\"section\">\n\t\t\t\t\t\t<div class=\"elementor-container elementor-column-gap-default\">\n\t\t\t\t\t<div class=\"elementor-column elementor-col-100 elementor-top-column elementor-element elementor-element-e08533d\" data-id=\"e08533d\" data-element_type=\"column\">\n\t\t\t<div class=\"elementor-widget-wrap elementor-element-populated\">\n\t\t\t\t\t\t\t\t<div class=\"elementor-element elementor-element-e55e10f elementor-widget-divider--view-line elementor-widget elementor-widget-divider\" data-id=\"e55e10f\" data-element_type=\"widget\" data-widget_type=\"divider.default\">\n\t\t\t\t<div class=\"elementor-widget-container\">\n\t\t\t\t\t<div class=\"elementor-divider\">\n\t\t\t<span class=\"elementor-divider-separator\">\n\t\t\t\t\t\t<\/span>\n\t\t<\/div>\n\t\t\t\t<\/div>\n\t\t\t\t<\/div>\n\t\t\t\t\t<\/div>\n\t\t<\/div>\n\t\t\t\t\t\t\t<\/div>\n\t\t<\/section>\n\t\t\t\t<section class=\"elementor-section elementor-top-section elementor-element elementor-element-7024bcf elementor-section-boxed elementor-section-height-default elementor-section-height-default\" data-id=\"7024bcf\" data-element_type=\"section\">\n\t\t\t\t\t\t<div class=\"elementor-container elementor-column-gap-default\">\n\t\t\t\t\t<div class=\"elementor-column elementor-col-100 elementor-top-column elementor-element elementor-element-be061a9\" data-id=\"be061a9\" data-element_type=\"column\">\n\t\t\t<div class=\"elementor-widget-wrap elementor-element-populated\">\n\t\t\t\t\t\t\t\t<div class=\"elementor-element elementor-element-1c8b049 elementor-widget elementor-widget-text-editor\" data-id=\"1c8b049\" data-element_type=\"widget\" data-widget_type=\"text-editor.default\">\n\t\t\t\t<div class=\"elementor-widget-container\">\n\t\t\t\t\t\t\t<p>Unsere Erreichbarkeit:<\/p><p>Postanschrift: OGS-Sebastianusschule, Bahnhofstr. 8, 52146 W\u00fcrselen<\/p><p>Telefon: 02405\/ 4132519<\/p><p>Handy: +49 1578 62 56 044 (w\u00e4hrend der Ferien nur unter dieser Nummer erreichbar)<\/p><p>Mail: <a href=\"mailto:ogs@sebastianusschule.de\">ogs@sebastianusschule.de<\/a><\/p>\t\t\t\t\t\t<\/div>\n\t\t\t\t<\/div>\n\t\t\t\t\t<\/div>\n\t\t<\/div>\n\t\t\t\t\t\t\t<\/div>\n\t\t<\/section>\n\t\t\t\t\t\t\t<\/div>\n\t\t","protected":false},"excerpt":{"rendered":"<p>Willkommen in unserer OGS Anmeldeunterlagen (Anmeldeformular \/ Arbeitgeberbescheinigung) Liebe Eltern,\u00a0 wenn Sie sich f\u00fcr die Anmeldung in die OGS entscheiden, f\u00fcllen Sie bitte die beiden Formulare aus und reichen diese fr\u00fchzeitig &#8211; sp\u00e4testens bis zum 31.1.2026 &#8211; ein. Danach werden die Pl\u00e4tze vergeben. OGS Anmeldung Arbeitgeberbescheinigung Wir starten ins Schuljahr 2025\/26 mit neuen R\u00e4umlichkeiten und [&hellip;]<\/p>\n","protected":false},"author":2,"featured_media":0,"parent":0,"menu_order":0,"comment_status":"closed","ping_status":"closed","template":"","meta":{"footnotes":""},"_links":{"self":[{"href":"http:\/\/www.sebastianusschule.de\/wpkgss\/wp-json\/wp\/v2\/pages\/219"}],"collection":[{"href":"http:\/\/www.sebastianusschule.de\/wpkgss\/wp-json\/wp\/v2\/pages"}],"about":[{"href":"http:\/\/www.sebastianusschule.de\/wpkgss\/wp-json\/wp\/v2\/types\/page"}],"author":[{"embeddable":true,"href":"http:\/\/www.sebastianusschule.de\/wpkgss\/wp-json\/wp\/v2\/users\/2"}],"replies":[{"embeddable":true,"href":"http:\/\/www.sebastianusschule.de\/wpkgss\/wp-json\/wp\/v2\/comments?post=219"}],"version-history":[{"count":165,"href":"http:\/\/www.sebastianusschule.de\/wpkgss\/wp-json\/wp\/v2\/pages\/219\/revisions"}],"predecessor-version":[{"id":5819,"href":"http:\/\/www.sebastianusschule.de\/wpkgss\/wp-json\/wp\/v2\/pages\/219\/revisions\/5819"}],"wp:attachment":[{"href":"http:\/\/www.sebastianusschule.de\/wpkgss\/wp-json\/wp\/v2\/media?parent=219"}],"curies":[{"name":"wp","href":"https:\/\/api.w.org\/{rel}","templated":true}]}}